{"id":4129,"date":"2023-11-14T12:33:51","date_gmt":"2023-11-14T11:33:51","guid":{"rendered":"https:\/\/fitelbergcompetition.com\/?page_id=4129"},"modified":"2023-11-14T12:35:45","modified_gmt":"2023-11-14T11:35:45","slug":"komitet-honorowy","status":"publish","type":"page","link":"https:\/\/fitelbergcompetition.com\/pl\/konkurs\/komitet-honorowy\/","title":{"rendered":"Komitet Honorowy"},"content":{"rendered":"\t\t<div data-elementor-type=\"wp-page\" data-elementor-id=\"4129\" class=\"elementor elementor-4129 elementor-4128\">\n\t\t\t\t\t\t\t\t\t<section class=\"elementor-section elementor-top-section elementor-element elementor-element-4160428 elementor-section-boxed elementor-section-height-default elementor-section-height-default\" data-id=\"4160428\" data-element_type=\"section\" data-settings=\"{&quot;jet_parallax_layout_list&quot;:[]}\">\n\t\t\t\t\t\t<div class=\"elementor-container elementor-column-gap-default\">\n\t\t\t\t\t<div class=\"elementor-column elementor-col-100 elementor-top-column elementor-element elementor-element-1107599\" data-id=\"1107599\" data-element_type=\"column\">\n\t\t\t<div class=\"elementor-widget-wrap elementor-element-populated\">\n\t\t\t\t\t\t\t\t<div class=\"elementor-element elementor-element-d7672fe elementor-widget elementor-widget-heading\" data-id=\"d7672fe\" data-element_type=\"widget\" data-widget_type=\"heading.default\">\n\t\t\t\t<div class=\"elementor-widget-container\">\n\t\t\t<style>\/*! elementor - v3.11.1 - 15-02-2023 *\/\n.elementor-heading-title{padding:0;margin:0;line-height:1}.elementor-widget-heading .elementor-heading-title[class*=elementor-size-]>a{color:inherit;font-size:inherit;line-height:inherit}.elementor-widget-heading .elementor-heading-title.elementor-size-small{font-size:15px}.elementor-widget-heading .elementor-heading-title.elementor-size-medium{font-size:19px}.elementor-widget-heading .elementor-heading-title.elementor-size-large{font-size:29px}.elementor-widget-heading .elementor-heading-title.elementor-size-xl{font-size:39px}.elementor-widget-heading .elementor-heading-title.elementor-size-xxl{font-size:59px}<\/style><h2 class=\"elementor-heading-title elementor-size-default\">Komitet Honorowy<\/h2>\t\t<\/div>\n\t\t\t\t<\/div>\n\t\t\t\t<div class=\"elementor-element elementor-element-1e0ed75 elementor-widget elementor-widget-text-editor\" data-id=\"1e0ed75\" data-element_type=\"widget\" data-widget_type=\"text-editor.default\">\n\t\t\t\t<div class=\"elementor-widget-container\">\n\t\t\t<style>\/*! elementor - v3.11.1 - 15-02-2023 *\/\n.elementor-widget-text-editor.elementor-drop-cap-view-stacked .elementor-drop-cap{background-color:#818a91;color:#fff}.elementor-widget-text-editor.elementor-drop-cap-view-framed .elementor-drop-cap{color:#818a91;border:3px solid;background-color:transparent}.elementor-widget-text-editor:not(.elementor-drop-cap-view-default) .elementor-drop-cap{margin-top:8px}.elementor-widget-text-editor:not(.elementor-drop-cap-view-default) .elementor-drop-cap-letter{width:1em;height:1em}.elementor-widget-text-editor .elementor-drop-cap{float:left;text-align:center;line-height:1;font-size:50px}.elementor-widget-text-editor .elementor-drop-cap-letter{display:inline-block}<\/style>\t\t\t\t<p><span style=\"color: black; font-family: &quot;Century Gothic&quot;, sans-serif; font-size: 12pt;\"><br><\/span><\/p>\n<p><span style=\"color: black; font-family: &quot;Century Gothic&quot;, sans-serif; font-size: 12pt;\">Profesor dr hab. Piotr Gli\u0144ski<br><\/span><span style=\"color: black; font-family: &quot;Century Gothic&quot;, sans-serif; font-size: 12pt;\">Minister Kultury i Dziedzictwa Narodowego<\/span><\/p>\n<p style=\"margin-bottom:0cm;line-height:normal\"><span style=\"font-size:12.0pt;font-family:&quot;Century Gothic&quot;,sans-serif;color:black; mso-themecolor:text1\">Jakub Che\u0142stowski <o:p><\/o:p><\/span><\/p>\n<p style=\"margin-bottom:0cm;line-height:normal\"><span style=\"font-size:12.0pt;font-family:&quot;Century Gothic&quot;,sans-serif;color:black; mso-themecolor:text1\">Marsza\u0142ek Wojew\u00f3dztwa \u015al\u0105skiego <o:p><\/o:p><\/span><\/p><p style=\"margin-bottom:0cm;line-height:normal\"><span style=\"font-size:12.0pt;font-family:&quot;Century Gothic&quot;,sans-serif;color:black; mso-themecolor:text1\"><br><\/span><\/p>\n<p style=\"margin-bottom:0cm;line-height:normal\"><span style=\"font-size:12.0pt;font-family:&quot;Century Gothic&quot;,sans-serif;color:black; mso-themecolor:text1\">Marcin Krupa<o:p><\/o:p><\/span><\/p>\n<p style=\"margin-bottom:0cm;line-height:normal\"><span style=\"font-size:12.0pt;font-family:&quot;Century Gothic&quot;,sans-serif;color:black; mso-themecolor:text1\">Prezydent Miasta Katowice<o:p><\/o:p><\/span><\/p><p style=\"margin-bottom:0cm;line-height:normal\"><span style=\"font-size:12.0pt;font-family:&quot;Century Gothic&quot;,sans-serif;color:black; mso-themecolor:text1\"><br><\/span><\/p>\n<p style=\"margin-bottom:0cm;line-height:normal\"><span style=\"font-size:12.0pt;font-family:&quot;Century Gothic&quot;,sans-serif;color:black; mso-themecolor:text1\">Tadeusz Deszkiewicz<o:p><\/o:p><\/span><\/p>\n<p style=\"margin-bottom:0cm;line-height:normal\"><span style=\"font-size:12.0pt;font-family:&quot;Century Gothic&quot;,sans-serif;color:black; mso-themecolor:text1\">Doradca Prezydenta Rzeczypospolitej Polskiej<o:p><\/o:p><\/span><\/p><p style=\"margin-bottom:0cm;line-height:normal\"><span style=\"font-size:12.0pt;font-family:&quot;Century Gothic&quot;,sans-serif;color:black; mso-themecolor:text1\"><br><\/span><\/p>\n<p style=\"margin-bottom:0cm;line-height:normal\"><span style=\"font-size:12.0pt;font-family:&quot;Century Gothic&quot;,sans-serif;color:black; mso-themecolor:text1\">El\u017cbieta Penderecka<o:p><\/o:p><\/span><\/p>\n<p style=\"margin-bottom:0cm;line-height:normal\"><span style=\"font-size:12.0pt;font-family:&quot;Century Gothic&quot;,sans-serif;color:black; mso-themecolor:text1\">Prezes Zarz\u0105du Stowarzyszenia im. Ludwiga van Beethovena<o:p><\/o:p><\/span><\/p><p style=\"margin-bottom:0cm;line-height:normal\"><span style=\"font-size:12.0pt;font-family:&quot;Century Gothic&quot;,sans-serif;color:black; mso-themecolor:text1\"><br><\/span><\/p>\n<p style=\"margin-bottom:0cm;line-height:normal\"><span style=\"font-size:12.0pt;font-family:&quot;Century Gothic&quot;,sans-serif;color:black; mso-themecolor:text1\">Profesor dr hab. Eugeniusz Knapik<o:p><\/o:p><\/span><\/p>\n<p style=\"margin-bottom:0cm;line-height:normal\"><span style=\"font-size:12.0pt;font-family:&quot;Century Gothic&quot;,sans-serif;color:black; mso-themecolor:text1\">Kompozytor, Przewodnicz\u0105cy Rady Programowej Filharmonii&nbsp;<\/span><span style=\"color: black; font-family: &quot;Century Gothic&quot;, sans-serif; font-size: 12pt;\">\u015al\u0105skiej<\/span><\/p><p style=\"margin-bottom:0cm;line-height:normal\"><span style=\"color: black; font-family: &quot;Century Gothic&quot;, sans-serif; font-size: 12pt;\"><br><\/span><\/p>\n<p style=\"margin-bottom:0cm;line-height:normal\"><span style=\"font-size:12.0pt;font-family:&quot;Century Gothic&quot;,sans-serif;color:black; mso-themecolor:text1\">Joanna Wnuk-Nazarowa<o:p><\/o:p><\/span><\/p>\n<p style=\"margin-bottom:0cm;line-height:normal\"><span style=\"font-size:12.0pt;font-family:&quot;Century Gothic&quot;,sans-serif;color:black; mso-themecolor:text1\">Kompozytorka <o:p><\/o:p><\/span><\/p><p style=\"margin-bottom:0cm;line-height:normal\"><span style=\"font-size:12.0pt;font-family:&quot;Century Gothic&quot;,sans-serif;color:black; mso-themecolor:text1\"><br><\/span><\/p>\n<p style=\"margin-bottom:0cm;line-height:normal\"><span style=\"font-size:12.0pt;font-family:&quot;Century Gothic&quot;,sans-serif;color:black; mso-themecolor:text1\">Miko\u0142aj G\u00f3recki<o:p><\/o:p><\/span><\/p>\n<p style=\"margin-bottom:0cm;line-height:normal\"><span style=\"font-size:12.0pt;font-family:&quot;Century Gothic&quot;,sans-serif;color:black; mso-themecolor:text1\">Kompozytor <o:p><\/o:p><\/span><\/p><p style=\"margin-bottom:0cm;line-height:normal\"><span style=\"font-size:12.0pt;font-family:&quot;Century Gothic&quot;,sans-serif;color:black; mso-themecolor:text1\"><br><\/span><\/p>\n<p style=\"margin-bottom:0cm;line-height:normal\"><span style=\"font-size:12.0pt;font-family:&quot;Century Gothic&quot;,sans-serif;color:black; mso-themecolor:text1\">Ksi\u0105dz Arcybiskup Adrian J\u00f3zef Galbas SAC<o:p><\/o:p><\/span><\/p>\n<p style=\"margin-bottom:0cm;line-height:normal\"><span style=\"font-size:12.0pt;font-family:&quot;Century Gothic&quot;,sans-serif;color:black; mso-themecolor:text1\">Metropolita Katowicki<o:p><\/o:p><\/span><\/p><p style=\"margin-bottom:0cm;line-height:normal\"><span style=\"font-size:12.0pt;font-family:&quot;Century Gothic&quot;,sans-serif;color:black; mso-themecolor:text1\"><br><\/span><\/p>\n<p style=\"margin-bottom:0cm;line-height:normal\"><span style=\"font-size:12.0pt;font-family:&quot;Century Gothic&quot;,sans-serif;color:black; mso-themecolor:text1\">Ksi\u0105dz Biskup dr Marian Niemiec<o:p><\/o:p><\/span><\/p>\n<p style=\"margin-bottom:0cm;line-height:normal\"><span style=\"font-size:12.0pt;font-family:&quot;Century Gothic&quot;,sans-serif;color:black; mso-themecolor:text1\">Biskup Diecezji Katowickiej Ko\u015bcio\u0142a Ewangelicko-Augsburskiego <o:p><\/o:p><\/span><\/p><p style=\"margin-bottom:0cm;line-height:normal\"><span style=\"font-size:12.0pt;font-family:&quot;Century Gothic&quot;,sans-serif;color:black; mso-themecolor:text1\"><br><\/span><\/p>\n<p style=\"margin-bottom:0cm;line-height:normal\"><span style=\"font-size:12.0pt;font-family:&quot;Century Gothic&quot;,sans-serif;color:black; mso-themecolor:text1\">Profesor dr hab. W\u0142adys\u0142aw Szyma\u0144ski<o:p><\/o:p><\/span><\/p>\n<p style=\"margin-bottom:0cm;line-height:normal\"><span style=\"font-size:12.0pt;font-family:&quot;Century Gothic&quot;,sans-serif;color:black; mso-themecolor:text1\">Rektor Akademii Muzycznej im. Karola Szymanowskiego w Katowicach<o:p><\/o:p><\/span><\/p><p style=\"margin-bottom:0cm;line-height:normal\"><span style=\"font-size:12.0pt;font-family:&quot;Century Gothic&quot;,sans-serif;color:black; mso-themecolor:text1\"><br><\/span><\/p>\n<p style=\"margin-bottom:0cm;line-height:normal\"><span style=\"font-size:12.0pt;font-family:&quot;Century Gothic&quot;,sans-serif;color:black; mso-themecolor:text1\">Profesor dr hab. Ryszard Kozio\u0142ek<o:p><\/o:p><\/span><\/p>\n<p style=\"margin-bottom:0cm;line-height:normal\"><span style=\"font-size:12.0pt;font-family:&quot;Century Gothic&quot;,sans-serif;color:black; mso-themecolor:text1\">Rektor Uniwersytetu \u015al\u0105skiego w Katowicach <o:p><\/o:p><\/span><\/p><p style=\"margin-bottom:0cm;line-height:normal\"><span style=\"font-size:12.0pt;font-family:&quot;Century Gothic&quot;,sans-serif;color:black; mso-themecolor:text1\"><br><\/span><\/p>\n<p style=\"margin-bottom:0cm;line-height:normal\"><span style=\"font-size:12.0pt;font-family:&quot;Century Gothic&quot;,sans-serif;color:black; mso-themecolor:text1\">Profesor dr hab. Grzegorz Ha\u0144derek<o:p><\/o:p><\/span><\/p>\n<p style=\"margin-bottom:0cm;line-height:normal\"><span style=\"font-size:12.0pt;font-family:&quot;Century Gothic&quot;,sans-serif;color:black; mso-themecolor:text1\">Rektor Akademii Sztuk Pi\u0119knych w Katowicach<o:p><\/o:p><\/span><\/p><p style=\"margin-bottom:0cm;line-height:normal\"><span style=\"font-size:12.0pt;font-family:&quot;Century Gothic&quot;,sans-serif;color:black; mso-themecolor:text1\"><br><\/span><\/p>\n<p style=\"margin-bottom:0cm;line-height:normal\"><span style=\"font-size:12.0pt;font-family:&quot;Century Gothic&quot;,sans-serif;color:black; mso-themecolor:text1\">Profesor dr hab. n.med. Tomasz Szczepa\u0144ski<o:p><\/o:p><\/span><\/p>\n<p style=\"margin-bottom:0cm;line-height:normal\"><span style=\"font-size:12.0pt;font-family:&quot;Century Gothic&quot;,sans-serif;color:black; mso-themecolor:text1\">Rektor \u015al\u0105skiego Uniwersytetu Medycznego<o:p><\/o:p><\/span><\/p><p style=\"margin-bottom:0cm;line-height:normal\"><span style=\"font-size:12.0pt;font-family:&quot;Century Gothic&quot;,sans-serif;color:black; mso-themecolor:text1\"><br><\/span><\/p>\n<p style=\"margin-bottom:0cm;line-height:normal\"><span style=\"font-size:12.0pt;font-family:&quot;Century Gothic&quot;,sans-serif;color:black; mso-themecolor:text1\">Profesor dr hab. in\u017c. Arkadiusz M\u0119\u017cyk<o:p><\/o:p><\/span><\/p>\n<p style=\"margin-bottom:0cm;line-height:normal\"><span style=\"font-size:12.0pt;font-family:&quot;Century Gothic&quot;,sans-serif;color:black; mso-themecolor:text1\">Rektor Politechniki \u015al\u0105skiej<o:p><\/o:p><\/span><\/p><p style=\"margin-bottom:0cm;line-height:normal\"><span style=\"font-size:12.0pt;font-family:&quot;Century Gothic&quot;,sans-serif;color:black; mso-themecolor:text1\"><br><\/span><\/p>\n<p style=\"margin-bottom:0cm;line-height:normal\"><span style=\"font-size:12.0pt;font-family:&quot;Century Gothic&quot;,sans-serif;color:black; mso-themecolor:text1\">Profesor dr hab. in\u017c. Celina M. Olszak<o:p><\/o:p><\/span><\/p>\n<p style=\"margin-bottom:0cm;line-height:normal\"><span style=\"font-size:12.0pt;font-family:&quot;Century Gothic&quot;,sans-serif;color:black; mso-themecolor:text1\">Rektor Uniwersytetu Ekonomicznego w Katowicach<o:p><\/o:p><\/span><\/p><p style=\"margin-bottom:0cm;line-height:normal\"><span style=\"font-size:12.0pt;font-family:&quot;Century Gothic&quot;,sans-serif;color:black; mso-themecolor:text1\"><br><\/span><\/p>\n<p style=\"margin-bottom:0cm;line-height:normal\"><span style=\"font-size:12.0pt;font-family:&quot;Century Gothic&quot;,sans-serif;color:black; mso-themecolor:text1\">Profesor dr hab. Grzegorz Juras<o:p><\/o:p><\/span><\/p>\n<p style=\"margin-bottom:0cm;line-height:normal\"><span style=\"font-size:12.0pt;font-family:&quot;Century Gothic&quot;,sans-serif;color:black; mso-themecolor:text1\">Rektor Akademii Wychowania Fizycznego im. Jerzego&nbsp;<\/span><span style=\"color: black; font-family: &quot;Century Gothic&quot;, sans-serif; font-size: 12pt;\">Kukuczki w Katowicach<\/span><\/p><p style=\"margin-bottom:0cm;line-height:normal\"><span style=\"color: black; font-family: &quot;Century Gothic&quot;, sans-serif; font-size: 12pt;\"><br><\/span><\/p>\n<p style=\"margin-bottom:0cm;line-height:normal\"><span style=\"font-size:12.0pt;font-family:&quot;Century Gothic&quot;,sans-serif;color:black; mso-themecolor:text1\">Ma\u0142gorzata Ma\u0142aszko-Stasiewicz<\/span><\/p>\n<p style=\"margin-bottom:0cm;line-height:normal\"><span style=\"font-size:12.0pt;font-family:&quot;Century Gothic&quot;,sans-serif;color:black; mso-themecolor:text1\">Dyrektor Redaktor Naczelny Programu 2 Polskiego Radia<o:p><\/o:p><\/span><\/p><p style=\"margin-bottom:0cm;line-height:normal\"><span style=\"font-size:12.0pt;font-family:&quot;Century Gothic&quot;,sans-serif;color:black; mso-themecolor:text1\"><br><\/span><\/p>\n<p style=\"margin-bottom:0cm;line-height:normal\"><span style=\"font-size:12.0pt;font-family:&quot;Century Gothic&quot;,sans-serif;color:black; mso-themecolor:text1\">Marta \u0141awacz-Leszczy\u0144ska<br><\/span><span style=\"color: black; font-family: &quot;Century Gothic&quot;, sans-serif; font-size: 12pt;\">Dyrektor TVP Kultura<\/span><\/p>\n<p><\/p>\t\t\t\t\t\t<\/div>\n\t\t\t\t<\/div>\n\t\t\t\t\t<\/div>\n\t\t<\/div>\n\t\t\t\t\t\t\t<\/div>\n\t\t<\/section>\n\t\t\t\t\t\t\t<\/div>\n\t\t","protected":false},"excerpt":{"rendered":"<p>Komitet Honorowy Profesor dr hab. Piotr Gli\u0144skiMinister Kultury i Dziedzictwa Narodowego Jakub Che\u0142stowski Marsza\u0142ek Wojew\u00f3dztwa \u015al\u0105skiego Marcin Krupa Prezydent Miasta Katowice Tadeusz Deszkiewicz Doradca Prezydenta Rzeczypospolitej Polskiej El\u017cbieta Penderecka Prezes Zarz\u0105du Stowarzyszenia im. Ludwiga van Beethovena Profesor dr hab. Eugeniusz Knapik Kompozytor, Przewodnicz\u0105cy Rady Programowej Filharmonii&nbsp;\u015al\u0105skiej Joanna Wnuk-Nazarowa Kompozytorka Miko\u0142aj G\u00f3recki Kompozytor Ksi\u0105dz Arcybiskup Adrian [&hellip;]<\/p>\n","protected":false},"author":10,"featured_media":0,"parent":406,"menu_order":0,"comment_status":"closed","ping_status":"closed","template":"","meta":{"footnotes":""},"class_list":["post-4129","page","type-page","status-publish","hentry"],"_links":{"self":[{"href":"https:\/\/fitelbergcompetition.com\/pl\/wp-json\/wp\/v2\/pages\/4129","targetHints":{"allow":["GET"]}}],"collection":[{"href":"https:\/\/fitelbergcompetition.com\/pl\/wp-json\/wp\/v2\/pages"}],"about":[{"href":"https:\/\/fitelbergcompetition.com\/pl\/wp-json\/wp\/v2\/types\/page"}],"author":[{"embeddable":true,"href":"https:\/\/fitelbergcompetition.com\/pl\/wp-json\/wp\/v2\/users\/10"}],"replies":[{"embeddable":true,"href":"https:\/\/fitelbergcompetition.com\/pl\/wp-json\/wp\/v2\/comments?post=4129"}],"version-history":[{"count":4,"href":"https:\/\/fitelbergcompetition.com\/pl\/wp-json\/wp\/v2\/pages\/4129\/revisions"}],"predecessor-version":[{"id":4140,"href":"https:\/\/fitelbergcompetition.com\/pl\/wp-json\/wp\/v2\/pages\/4129\/revisions\/4140"}],"up":[{"embeddable":true,"href":"https:\/\/fitelbergcompetition.com\/pl\/wp-json\/wp\/v2\/pages\/406"}],"wp:attachment":[{"href":"https:\/\/fitelbergcompetition.com\/pl\/wp-json\/wp\/v2\/media?parent=4129"}],"curies":[{"name":"wp","href":"https:\/\/api.w.org\/{rel}","templated":true}]}}