{"id":4030,"date":"2023-11-13T21:55:24","date_gmt":"2023-11-13T20:55:24","guid":{"rendered":"https:\/\/fitelbergcompetition.com\/?post_type=soloists&#038;p=4030"},"modified":"2023-11-14T11:25:01","modified_gmt":"2023-11-14T10:25:01","slug":"jakub-jakowicz","status":"publish","type":"soloists","link":"https:\/\/fitelbergcompetition.com\/pl\/soloist\/jakub-jakowicz\/","title":{"rendered":"Jakub Jakowicz"},"content":{"rendered":"\n<div class=\"wp-block-media-text alignwide is-stacked-on-mobile is-vertically-aligned-top\" style=\"grid-template-columns:38% auto\"><figure class=\"wp-block-media-text__media\"><img loading=\"lazy\" decoding=\"async\" width=\"1024\" height=\"668\" src=\"https:\/\/fitelbergcompetition.com\/wp-content\/uploads\/2023\/11\/Jakub-Jakowicz.jpg\" alt=\"\" class=\"wp-image-4047 size-full\" srcset=\"https:\/\/fitelbergcompetition.com\/wp-content\/uploads\/2023\/11\/Jakub-Jakowicz.jpg 1024w, https:\/\/fitelbergcompetition.com\/wp-content\/uploads\/2023\/11\/Jakub-Jakowicz-300x196.jpg 300w, https:\/\/fitelbergcompetition.com\/wp-content\/uploads\/2023\/11\/Jakub-Jakowicz-768x501.jpg 768w\" sizes=\"auto, (max-width: 1024px) 100vw, 1024px\" \/><\/figure><div class=\"wp-block-media-text__content\">\n<p>Gry na&nbsp;skrzypcach uczy\u0142 si\u0119 u&nbsp;swojego ojca Krzysztofa Jakowicza, pod kierunkiem kt\u00f3rego studiowa\u0142 w&nbsp;warszawskiej Akademii Muzycznej im. Fryderyka Chopina By\u0142 r\u00f3wnie\u017c ostatnim uczniem jednego z&nbsp;tw\u00f3rc\u00f3w polskiej szko\u0142y skrzypcowej, prof. Tadeusza Wro\u0144skiego. Koncertuje od&nbsp;11 roku \u017cycia. Gra\u0142 ze&nbsp;wszystkimi czo\u0142owymi polskimi orkiestrami.<\/p>\n\n\n\n<p>W 1998 roku na&nbsp;zaproszenie Krzysztofa Pendereckiego, wyst\u0105pi\u0142 na&nbsp;festiwalu imienia kompozytora w&nbsp;Krakowie, wykonuj\u0105c&nbsp;<em>Capriccio per violino e&nbsp;orchestra<\/em>&nbsp;pod batut\u0105 Jerzego Maksymiuka. W&nbsp;2001 roku zadebiutowa\u0142 z&nbsp;Filharmonikami Monachijskimi pod dyrekcj\u0105 Pinchasa Steinberga, wykonuj\u0105c&nbsp;<em>I Koncert skrzypcowy&nbsp;<\/em>Karola Szymanowskiego. Od&nbsp;tego czasu wyst\u0105pi\u0142 jako solista z&nbsp;wieloma renomowanymi orkiestrami, m.in. z: Orkiestr\u0105 Filharmonii Narodowej w&nbsp;Warszawie, Orchestra del Maggio Musicale we&nbsp;Florencji, Filharmoni\u0105 Czesk\u0105 w&nbsp;Pradze, Orchestra di&nbsp;Santa Cecilia w&nbsp;Rzymie, Filharmoni\u0105 Drezde\u0144sk\u0105, Orchestre de&nbsp;la Suisse Romande w&nbsp;Genewie, Orquesta Nacional w&nbsp;Madrycie, Royal Stockholm Philharmonic, Orquestra Sinf\u00f4nica do&nbsp;Estado de&nbsp;S\u00e3o Paulo i&nbsp;Concerto K\u00f6ln. Wsp\u00f3\u0142pracowa\u0142 z&nbsp;takimi dyrygentami, jak: Pinchas Steinberg, Jerzy Semkow, Antoni Wit, Jerzy Maksymiuk, Jacek Kaspszyk, Kazimierz Kord, Jan Krenz, Yan Pascal Tortellier, Eiji Oue, Marek Pijarowski, Krzysztof Penderecki, Agnieszka Duczmal, Kirill Karabits, Michail Jurovski, Marc Minkowski i&nbsp;Stefan Solyom. W&nbsp;latach 2009 i&nbsp;2011 na&nbsp;zaproszenie Antoniego Wita, bra\u0142 udzia\u0142 w&nbsp;tourn\u00e9e koncertowych Orkiestry Filharmonii Narodowej w&nbsp;Wielkiej Brytanii.<\/p>\n\n\n\n<p>Jako kameralista od&nbsp;lat tworzy skrzypcowy duet z&nbsp;ojcem, Krzysztofem. Od&nbsp;2000 roku gra z&nbsp;pianist\u0105 Bartoszem Bednarczykiem, wsp\u00f3lnie nagrali p\u0142yty&nbsp;<em>Subito<\/em>&nbsp;(Polskie Radio),&nbsp;<em>Beethoven Violin Sonatas<\/em>&nbsp;(Subito Records) i&nbsp;<em>Partit\u0119<\/em>&nbsp;Lutos\u0142awskiego (CD Accord). Artysta wyst\u0119powa\u0142 ponadto z&nbsp;takimi muzykami, jak: Heinz Holliger, Paul Gulda, Jan Krzysztof Broja, Michel Lethiec, Anna Maria Sta\u015bkiewicz, Ruth Kilius, Katarzyna Budnik-Ga\u0142\u0105zka, Ryszard Groblewski, Avri Levitan, Ursula Smith, Daniel M\u00f6ller-Schott, Andrzej Bauer, Rafa\u0142 Kwiatkowski, Marcin Zdunik, Karol Marianowski oraz Zvi Plessev. Od&nbsp;2006 roku muzyk jest cz\u0142onkiem Zehetmair Quartett, zespo\u0142u stworzonego przez austriackiego skrzypka i&nbsp;dyrygenta Thomasa Zehetmaira. Kwartet ten przygotowuje zwykle jeden program koncertowy rocznie, wi\u0119kszo\u015b\u0107 utwor\u00f3w wykonuj\u0105c z&nbsp;pami\u0119ci. P\u0142yta zespo\u0142u (ECM) z&nbsp;utworami B\u00e9li Bart\u00f3ka i&nbsp;Paula Hindemitha otrzyma\u0142a nagrod\u0119 Diapason d\u2019Or de&nbsp;l\u2019Anne\u00e9 2007. Jakub Jakowicz wsp\u00f3lnie z&nbsp;Zehetmair Quartett wyst\u0119powa\u0142 m.in. w&nbsp;Filharmonii Berli\u0144skiej, Wigmore Hall w&nbsp;Londynie, Santory Hall w&nbsp;Tokio, Gulbenkian Center w&nbsp;Lizbonie, Konzerthaus w&nbsp;Wiedniu, Zankel Hall i&nbsp;Y Hall w&nbsp;Nowym Jorku, a&nbsp;tak\u017ce na&nbsp;festiwalach muzycznych, m.in. w&nbsp;Schleswig-Holstein, Salzburgu, Lucernie, Aldeburgh i&nbsp;Edynburgu. W&nbsp;2014 roku zesp\u00f3\u0142 otrzyma\u0142 presti\u017cow\u0105 Nagrod\u0119 im. Paula Hindemitha Miasta Hanau.<\/p>\n\n\n\n<p>Jakub Jakowicz jest laureatem pierwszych nagr\u00f3d na&nbsp;konkursach skrzypcowych w&nbsp;Lublinie (1993), Wattrelos we&nbsp;Francji (1995) i&nbsp;Takasaki w&nbsp;Japonii (1999). W&nbsp;2001 roku zosta\u0142 jednym z&nbsp;trzech zwyci\u0119zc\u00f3w Mi\u0119dzynarodowej Trybuny M\u0142odych Wykonawc\u00f3w w&nbsp;Bratys\u0142awie, organizowanej pod auspicjami Europejskiej Unii Radiowej i&nbsp;Mi\u0119dzynarodowej Rady Muzyki UNESCO. W&nbsp;2002 roku otrzyma\u0142 nagrod\u0119 Fundacji Polsko-Japo\u0144skiej dla najlepiej zapowiadaj\u0105cego si\u0119 skrzypka m\u0142odej generacji. Jest tak\u017ce laureatem Paszportu \u201ePolityki\u201d(2003). W&nbsp;2007 roku zosta\u0142 uhonorowany Nagrod\u0105 Orfeusza podczas Warszawskiej Jesieni. Posiada tytu\u0142 doktora sztuk muzycznych, od&nbsp;2004 roku uczy gry skrzypcowej na&nbsp;Uniwersytecie Muzycznym Fryderyka Chopina w&nbsp;Warszawie. Gra na&nbsp;instrumencie Nicolasa Froncois Vuillaume\u2019a dzi\u0119ki uprzejmo\u015bci Alejandro Abada z&nbsp;Walencji.<\/p>\n<\/div><\/div>\n","protected":false},"featured_media":4046,"template":"","class_list":["post-4030","soloists","type-soloists","status-publish","has-post-thumbnail","hentry"],"_links":{"self":[{"href":"https:\/\/fitelbergcompetition.com\/pl\/wp-json\/wp\/v2\/soloists\/4030","targetHints":{"allow":["GET"]}}],"collection":[{"href":"https:\/\/fitelbergcompetition.com\/pl\/wp-json\/wp\/v2\/soloists"}],"about":[{"href":"https:\/\/fitelbergcompetition.com\/pl\/wp-json\/wp\/v2\/types\/soloists"}],"wp:featuredmedia":[{"embeddable":true,"href":"https:\/\/fitelbergcompetition.com\/pl\/wp-json\/wp\/v2\/media\/4046"}],"wp:attachment":[{"href":"https:\/\/fitelbergcompetition.com\/pl\/wp-json\/wp\/v2\/media?parent=4030"}],"curies":[{"name":"wp","href":"https:\/\/api.w.org\/{rel}","templated":true}]}}