{"id":4031,"date":"2023-11-13T21:55:44","date_gmt":"2023-11-13T20:55:44","guid":{"rendered":"https:\/\/fitelbergcompetition.com\/?post_type=soloists&#038;p=4031"},"modified":"2023-11-14T11:22:15","modified_gmt":"2023-11-14T10:22:15","slug":"tomasz-strahl","status":"publish","type":"soloists","link":"https:\/\/fitelbergcompetition.com\/pl\/soloist\/tomasz-strahl\/","title":{"rendered":"Tomasz Strahl"},"content":{"rendered":"\n<div class=\"wp-block-media-text alignwide is-stacked-on-mobile is-vertically-aligned-top\" style=\"grid-template-columns:37% auto\"><figure class=\"wp-block-media-text__media\"><img loading=\"lazy\" decoding=\"async\" width=\"800\" height=\"534\" src=\"https:\/\/fitelbergcompetition.com\/wp-content\/uploads\/2023\/11\/Tomasz-Strahl.jpeg\" alt=\"\" class=\"wp-image-4055 size-full\" srcset=\"https:\/\/fitelbergcompetition.com\/wp-content\/uploads\/2023\/11\/Tomasz-Strahl.jpeg 800w, https:\/\/fitelbergcompetition.com\/wp-content\/uploads\/2023\/11\/Tomasz-Strahl-300x200.jpeg 300w, https:\/\/fitelbergcompetition.com\/wp-content\/uploads\/2023\/11\/Tomasz-Strahl-768x513.jpeg 768w\" sizes=\"auto, (max-width: 800px) 100vw, 800px\" \/><\/figure><div class=\"wp-block-media-text__content\">\n<p>W 1989 roku uko\u0144czy\u0142 Akademi\u0119 Muzyczn\u0105 im. F. Chopina w Warszawie w klasie wiolonczeli prof. Kazimierza Michalika. Jako stypendysta Rz\u0105du Austriackiego odby\u0142 roczne studium podyplomowe w Hochschule f\u00fcr Musik und darstellende Kunst w Wiedniu u Tobiasa K\u00fchne. Studiowa\u0142 r\u00f3wnie\u017c kameralistyk\u0119 u wybitnego skrzypka Krzysztofa Jakowicza, z kt\u00f3rym wyst\u0119puje od wielu lat.<br><br>Laureat konkurs\u00f3w og\u00f3lnopolskich (Pozna\u0144, Warszawa) i mi\u0119dzynarodowych, m.in. I nagrody V Mi\u0119dzynarodowego Konkursu Muzycznego im. Nicanora Zabalety w San Sebastian w Hiszpanii (1991). Otrzyma\u0142 r\u00f3wnie\u017c nagrod\u0119-stypendium Polsko-Japo\u0144skiej Fundacji JESC w roku 1994.<br><br>Od wielu lat prowadzi o\u017cywion\u0105 dzia\u0142alno\u015b\u0107 koncertow\u0105 wyst\u0119puj\u0105c z takimi orkiestrami, jak: Polska Orkiestra Kameralna, Polska Orkiestra Radiowa oraz Narodowa Orkiestra Symfoniczna Polskiego Radia w Katowicach, Sinfonietta Cracovia, Sinfonia Varsovia, Concerto Avenna, Filharmonia Sofijska, Orchestra Sinfonica Municipal Sa\u00f5 Paulo (Brazylia) oraz z niemal wszystkimi orkiestrami filharmonicznymi w Polsce z Orkiestr\u0105 Filharmonii Narodowej na czele. Wsp\u00f3\u0142pracuje zar\u00f3wno z wybitnymi solistami, jak te\u017c kameralistami, m.in. Kwartetem Wilan\u00f3w, Prima Vista, Kwartetem \u015al\u0105skim.<br><br>W 2005 roku Tomasz Strahl zaprezentowa\u0142 polskie prawykonanie II Koncertu wiolonczelowego Piotra Mossa na festiwalu \u201ePrawykonania&#8221; (2005) z Narodow\u0105 Orkiestr\u0105 Symfoniczn\u0105 Polskiego Radia, z kt\u00f3r\u0105 w 2006 roku zarejestrowa\u0142 odnaleziony Koncert Zygmunta Stojowskiego. W 2007 roku wraz z Krzysztofem Jab\u0142o\u0144skim i Konstantym Andrzejem Kulk\u0105 zarejestrowa\u0142 komplet dzie\u0142 kameralnych Fryderyka Chopina dla wytw\u00f3rni BeArTon. Artysta jest oddanym propagatorem Koncertu wiolonczelowego Stanis\u0142awa Moryto.<br><br>Dokona\u0142 wielu nagra\u0144 archiwalnych dla Polskiego Radia i Telewizji Polskiej, a tak\u017ce dla CBC Radio w Kanadzie. Dyskografia artysty obejmuje nagrania dla Pony Canyon, CD Accord, Polskiego Radia Katowice, Pavane Records, Gema Stereo, Polmusic, Acte Pr\u00e9alable oraz Sony Classics. By\u0142 trzykrotnie nominowany do nagrody Fryderyk, w 2003 roku zosta\u0142 jej laureatem.<br><br>Jest pedagogiem Uniwersytetu Muzycznego Fryderyka Chopina w Warszawie Prowadzi kursy mistrzowskie w Polsce, Holandii, Finlandii, Niemczech, Japonii i w Ameryce Po\u0142udniowej.<br>Tomasz Strahl jest laureatem kilku odznacze\u0144 pa\u0144stwowych: w 2002 roku zosta\u0142 odznaczony Z\u0142otym Krzy\u017cem Zas\u0142ugi; w 2009 roku otrzyma\u0142 nagrod\u0119 I stopnia Ministra Kultury i Dziedzictwa Narodowego za osi\u0105gni\u0119cia artystyczne i dydaktyczne, a w roku 2010 Srebrny Medal \u201eGloria Artist&#8221; oraz Krzy\u017c Kawalerski Orderu Odrodzenia Polski.<br>Artysta gra na instrumencie Leopold Widhalm \u2013 Norymberga, 1778.<\/p>\n<\/div><\/div>\n","protected":false},"featured_media":4054,"template":"","class_list":["post-4031","soloists","type-soloists","status-publish","has-post-thumbnail","hentry"],"_links":{"self":[{"href":"https:\/\/fitelbergcompetition.com\/pl\/wp-json\/wp\/v2\/soloists\/4031","targetHints":{"allow":["GET"]}}],"collection":[{"href":"https:\/\/fitelbergcompetition.com\/pl\/wp-json\/wp\/v2\/soloists"}],"about":[{"href":"https:\/\/fitelbergcompetition.com\/pl\/wp-json\/wp\/v2\/types\/soloists"}],"wp:featuredmedia":[{"embeddable":true,"href":"https:\/\/fitelbergcompetition.com\/pl\/wp-json\/wp\/v2\/media\/4054"}],"wp:attachment":[{"href":"https:\/\/fitelbergcompetition.com\/pl\/wp-json\/wp\/v2\/media?parent=4031"}],"curies":[{"name":"wp","href":"https:\/\/api.w.org\/{rel}","templated":true}]}}